{"id":3988,"date":"2020-10-14T13:32:12","date_gmt":"2020-10-14T11:32:12","guid":{"rendered":"https:\/\/efimarbella.com\/?page_id=3988"},"modified":"2020-12-14T18:36:17","modified_gmt":"2020-12-14T17:36:17","slug":"espaces-et-ambiances","status":"publish","type":"page","link":"https:\/\/efimarbella.com\/sv\/espaces-et-ambiances\/","title":{"rendered":"Rymd och atmosf\u00e4r"},"content":{"rendered":"<div class=\"wp-block-media-text alignwide has-media-on-the-right is-stacked-on-mobile\"><figure class=\"wp-block-media-text__media\"><img loading=\"lazy\" decoding=\"async\" width=\"777\" height=\"827\" data-attachment-id=\"3989\" data-permalink=\"https:\/\/efimarbella.com\/sv\/espaces-et-ambiances\/fac%cc%a7ade-ecole-efim\/\" data-orig-file=\"https:\/\/efimarbella.com\/wp-content\/uploads\/2020\/10\/fac\u0327ade-e\u0301cole-EFIM-e1602675205950.jpg\" data-orig-size=\"777,827\" data-comments-opened=\"1\" data-image-meta=\"{&quot;aperture&quot;:&quot;0&quot;,&quot;credit&quot;:&quot;&quot;,&quot;camera&quot;:&quot;&quot;,&quot;caption&quot;:&quot;&quot;,&quot;created_timestamp&quot;:&quot;0&quot;,&quot;copyright&quot;:&quot;&quot;,&quot;focal_length&quot;:&quot;0&quot;,&quot;iso&quot;:&quot;0&quot;,&quot;shutter_speed&quot;:&quot;0&quot;,&quot;title&quot;:&quot;&quot;,&quot;orientation&quot;:&quot;0&quot;}\" data-image-title=\"fac\u0327ade-e\u0301cole-EFIM\" data-image-description=\"\" data-image-caption=\"\" data-large-file=\"https:\/\/efimarbella.com\/wp-content\/uploads\/2020\/10\/fac\u0327ade-e\u0301cole-EFIM-e1602675205950.jpg\" src=\"https:\/\/efimarbella.com\/wp-content\/uploads\/2020\/10\/fac\u0327ade-e\u0301cole-EFIM-e1602675205950.jpg\" alt=\"\" class=\"wp-image-3989 size-full\" srcset=\"https:\/\/efimarbella.com\/wp-content\/uploads\/2020\/10\/fac\u0327ade-e\u0301cole-EFIM-e1602675205950.jpg 777w, https:\/\/efimarbella.com\/wp-content\/uploads\/2020\/10\/fac\u0327ade-e\u0301cole-EFIM-e1602675205950-282x300.jpg 282w, https:\/\/efimarbella.com\/wp-content\/uploads\/2020\/10\/fac\u0327ade-e\u0301cole-EFIM-e1602675205950-768x817.jpg 768w, https:\/\/efimarbella.com\/wp-content\/uploads\/2020\/10\/fac\u0327ade-e\u0301cole-EFIM-e1602675205950-11x12.jpg 11w, https:\/\/efimarbella.com\/wp-content\/uploads\/2020\/10\/fac\u0327ade-e\u0301cole-EFIM-e1602675205950-600x639.jpg 600w, https:\/\/efimarbella.com\/wp-content\/uploads\/2020\/10\/fac\u0327ade-e\u0301cole-EFIM-e1602675205950-122x130.jpg 122w\" sizes=\"auto, (max-width: 777px) 100vw, 777px\" \/><\/figure><div class=\"wp-block-media-text__content\">\n<p class=\"has-large-font-size wp-block-paragraph\"><span style=\"color:#ff3ed3\" class=\"has-inline-color\">MITT I CENTRUM AV MARBELLA<\/span><\/p>\n\n\n\n<p class=\"wp-block-paragraph\">Franska skolan i Marbella ligger p\u00e5 Calle Jacinto Benanvente, mittemot parken \"de los enamorados\", i Marbellas v\u00e4stra stadsdel, mycket n\u00e4ra \"Piruli\" och kongresscentret.<\/p>\n\n\n\n<p class=\"wp-block-paragraph\">Platsen har oavbruten utsikt \u00f6ver parken och dess vackra gr\u00f6na landskap samt berget La Concha. Det \u00e4r l\u00e4tt att ta sig hit med b\u00e5de bil och buss.<\/p>\n\n\n\n<p class=\"wp-block-paragraph\">Byggnaden erbjuder ljusa och rymliga klassrum.<\/p>\n<\/div><\/div>\n\n\n\n<hr class=\"wp-block-separator\"\/>\n\n\n\n<h2 class=\"wp-block-heading\"><span style=\"color:#ff3ed3\" class=\"has-inline-color\">Ett klassrum \u00e4r f\u00f6rst och fr\u00e4mst en atmosf\u00e4r. <\/span><\/h2>\n\n\n\n<p class=\"has-text-align-justify wp-block-paragraph\">Varje omr\u00e5de i skolan behandlas som ett s\u00e5dant, s\u00e5 att barnen \u00e4r neds\u00e4nkta i en motiverande och s\u00e4ker rumslig och relationell milj\u00f6 som bidrar till l\u00e4rande.<\/p>\n\n\n\n<p class=\"has-text-align-justify wp-block-paragraph\">I likhet med Maria Montessori, Feuerstein eller Stanislas Dehaennes och Jean Houd\u00e9s arbete inom neurovetenskapen \u00e4r vi \u00f6vertygade om att en framg\u00e5ngsrik pedagogisk verksamhet \u00e4r beroende av en stimulerande utbildningsmilj\u00f6, rik p\u00e5 potential och anpassad till b\u00e5de barn och vuxna.<\/p>\n\n\n\n<p class=\"wp-block-paragraph\">Vi f\u00f6respr\u00e5kar en rumslig organisation med trevliga flexibla klassrum samt varierade och originella utrymmen som tillgodoser barnets och den vuxna l\u00e4rarens behov.<\/p>\n\n\n\n<p class=\"has-text-align-justify wp-block-paragraph\">Vi h\u00e5ller f\u00f6r n\u00e4rvarande p\u00e5 att omvandla skolan, och d\u00e4rf\u00f6r presenterar vi h\u00e4r de klassrumsmilj\u00f6er som inspirerar oss, bland annat fotografier fr\u00e5n Montessoriskolan \"les souris vertes\" i S\u00e9nones (88100). V\u00e5ra egna bilder kommer att l\u00e4ggas upp n\u00e4r arbetet \u00e4r klart.<\/p>\n\n\n\n<figure class=\"wp-block-gallery columns-3 is-cropped wp-block-gallery-1\"><ul class=\"blocks-gallery-grid\"><li class=\"blocks-gallery-item\"><figure><img loading=\"lazy\" decoding=\"async\" width=\"1024\" height=\"768\" data-attachment-id=\"4009\" data-permalink=\"https:\/\/efimarbella.com\/sv\/espaces-et-ambiances\/119059171_3222446184506030_6561464665412751684_o-2\/\" data-orig-file=\"https:\/\/efimarbella.com\/wp-content\/uploads\/2020\/10\/119059171_3222446184506030_6561464665412751684_o-2.jpg\" data-orig-size=\"2016,1512\" data-comments-opened=\"1\" data-image-meta=\"{&quot;aperture&quot;:&quot;0&quot;,&quot;credit&quot;:&quot;&quot;,&quot;camera&quot;:&quot;&quot;,&quot;caption&quot;:&quot;&quot;,&quot;created_timestamp&quot;:&quot;0&quot;,&quot;copyright&quot;:&quot;&quot;,&quot;focal_length&quot;:&quot;0&quot;,&quot;iso&quot;:&quot;0&quot;,&quot;shutter_speed&quot;:&quot;0&quot;,&quot;title&quot;:&quot;&quot;,&quot;orientation&quot;:&quot;0&quot;}\" data-image-title=\"119059171_3222446184506030_6561464665412751684_o-2\" data-image-description=\"\" data-image-caption=\"\" data-large-file=\"https:\/\/efimarbella.com\/wp-content\/uploads\/2020\/10\/119059171_3222446184506030_6561464665412751684_o-2-1024x768.jpg\" src=\"https:\/\/efimarbella.com\/wp-content\/uploads\/2020\/10\/119059171_3222446184506030_6561464665412751684_o-2-1024x768.jpg\" alt=\"\" data-id=\"4009\" data-full-url=\"https:\/\/efimarbella.com\/wp-content\/uploads\/2020\/10\/119059171_3222446184506030_6561464665412751684_o-2.jpg\" data-link=\"https:\/\/efimarbella.com\/espaces-et-ambiances\/119059171_3222446184506030_6561464665412751684_o-2\/\" class=\"wp-image-4009\" srcset=\"https:\/\/efimarbella.com\/wp-content\/uploads\/2020\/10\/119059171_3222446184506030_6561464665412751684_o-2-1024x768.jpg 1024w, https:\/\/efimarbella.com\/wp-content\/uploads\/2020\/10\/119059171_3222446184506030_6561464665412751684_o-2-300x225.jpg 300w, https:\/\/efimarbella.com\/wp-content\/uploads\/2020\/10\/119059171_3222446184506030_6561464665412751684_o-2-768x576.jpg 768w, https:\/\/efimarbella.com\/wp-content\/uploads\/2020\/10\/119059171_3222446184506030_6561464665412751684_o-2-1536x1152.jpg 1536w, https:\/\/efimarbella.com\/wp-content\/uploads\/2020\/10\/119059171_3222446184506030_6561464665412751684_o-2-16x12.jpg 16w, https:\/\/efimarbella.com\/wp-content\/uploads\/2020\/10\/119059171_3222446184506030_6561464665412751684_o-2-1160x870.jpg 1160w, https:\/\/efimarbella.com\/wp-content\/uploads\/2020\/10\/119059171_3222446184506030_6561464665412751684_o-2-860x645.jpg 860w, https:\/\/efimarbella.com\/wp-content\/uploads\/2020\/10\/119059171_3222446184506030_6561464665412751684_o-2-600x450.jpg 600w, https:\/\/efimarbella.com\/wp-content\/uploads\/2020\/10\/119059171_3222446184506030_6561464665412751684_o-2-122x92.jpg 122w, https:\/\/efimarbella.com\/wp-content\/uploads\/2020\/10\/119059171_3222446184506030_6561464665412751684_o-2.jpg 2016w\" sizes=\"auto, (max-width: 1024px) 100vw, 1024px\" \/><\/figure><\/li><li class=\"blocks-gallery-item\"><figure><img loading=\"lazy\" decoding=\"async\" width=\"1024\" height=\"764\" data-attachment-id=\"4008\" data-permalink=\"https:\/\/efimarbella.com\/sv\/espaces-et-ambiances\/119180688_3222447577839224_7559485817434096122_o-1\/\" data-orig-file=\"https:\/\/efimarbella.com\/wp-content\/uploads\/2020\/10\/119180688_3222447577839224_7559485817434096122_o-1.jpg\" data-orig-size=\"2016,1504\" data-comments-opened=\"1\" data-image-meta=\"{&quot;aperture&quot;:&quot;0&quot;,&quot;credit&quot;:&quot;&quot;,&quot;camera&quot;:&quot;&quot;,&quot;caption&quot;:&quot;&quot;,&quot;created_timestamp&quot;:&quot;0&quot;,&quot;copyright&quot;:&quot;&quot;,&quot;focal_length&quot;:&quot;0&quot;,&quot;iso&quot;:&quot;0&quot;,&quot;shutter_speed&quot;:&quot;0&quot;,&quot;title&quot;:&quot;&quot;,&quot;orientation&quot;:&quot;0&quot;}\" data-image-title=\"119180688_3222447577839224_7559485817434096122_o-1\" data-image-description=\"\" data-image-caption=\"\" data-large-file=\"https:\/\/efimarbella.com\/wp-content\/uploads\/2020\/10\/119180688_3222447577839224_7559485817434096122_o-1-1024x764.jpg\" src=\"https:\/\/efimarbella.com\/wp-content\/uploads\/2020\/10\/119180688_3222447577839224_7559485817434096122_o-1-1024x764.jpg\" alt=\"\" data-id=\"4008\" data-full-url=\"https:\/\/efimarbella.com\/wp-content\/uploads\/2020\/10\/119180688_3222447577839224_7559485817434096122_o-1.jpg\" data-link=\"https:\/\/efimarbella.com\/espaces-et-ambiances\/119180688_3222447577839224_7559485817434096122_o-1\/\" class=\"wp-image-4008\" srcset=\"https:\/\/efimarbella.com\/wp-content\/uploads\/2020\/10\/119180688_3222447577839224_7559485817434096122_o-1-1024x764.jpg 1024w, https:\/\/efimarbella.com\/wp-content\/uploads\/2020\/10\/119180688_3222447577839224_7559485817434096122_o-1-300x224.jpg 300w, https:\/\/efimarbella.com\/wp-content\/uploads\/2020\/10\/119180688_3222447577839224_7559485817434096122_o-1-768x573.jpg 768w, https:\/\/efimarbella.com\/wp-content\/uploads\/2020\/10\/119180688_3222447577839224_7559485817434096122_o-1-1536x1146.jpg 1536w, https:\/\/efimarbella.com\/wp-content\/uploads\/2020\/10\/119180688_3222447577839224_7559485817434096122_o-1-16x12.jpg 16w, https:\/\/efimarbella.com\/wp-content\/uploads\/2020\/10\/119180688_3222447577839224_7559485817434096122_o-1-1160x865.jpg 1160w, https:\/\/efimarbella.com\/wp-content\/uploads\/2020\/10\/119180688_3222447577839224_7559485817434096122_o-1-860x642.jpg 860w, https:\/\/efimarbella.com\/wp-content\/uploads\/2020\/10\/119180688_3222447577839224_7559485817434096122_o-1-600x448.jpg 600w, https:\/\/efimarbella.com\/wp-content\/uploads\/2020\/10\/119180688_3222447577839224_7559485817434096122_o-1-122x91.jpg 122w, https:\/\/efimarbella.com\/wp-content\/uploads\/2020\/10\/119180688_3222447577839224_7559485817434096122_o-1.jpg 2016w\" sizes=\"auto, (max-width: 1024px) 100vw, 1024px\" \/><\/figure><\/li><li class=\"blocks-gallery-item\"><figure><img loading=\"lazy\" decoding=\"async\" width=\"1024\" height=\"768\" data-attachment-id=\"4007\" data-permalink=\"https:\/\/efimarbella.com\/sv\/espaces-et-ambiances\/119174507_3222445834506065_1879708048217396698_o-1\/\" data-orig-file=\"https:\/\/efimarbella.com\/wp-content\/uploads\/2020\/10\/119174507_3222445834506065_1879708048217396698_o-1.jpg\" data-orig-size=\"2016,1512\" data-comments-opened=\"1\" data-image-meta=\"{&quot;aperture&quot;:&quot;0&quot;,&quot;credit&quot;:&quot;&quot;,&quot;camera&quot;:&quot;&quot;,&quot;caption&quot;:&quot;&quot;,&quot;created_timestamp&quot;:&quot;0&quot;,&quot;copyright&quot;:&quot;&quot;,&quot;focal_length&quot;:&quot;0&quot;,&quot;iso&quot;:&quot;0&quot;,&quot;shutter_speed&quot;:&quot;0&quot;,&quot;title&quot;:&quot;&quot;,&quot;orientation&quot;:&quot;0&quot;}\" data-image-title=\"119174507_3222445834506065_1879708048217396698_o-1\" data-image-description=\"\" data-image-caption=\"\" data-large-file=\"https:\/\/efimarbella.com\/wp-content\/uploads\/2020\/10\/119174507_3222445834506065_1879708048217396698_o-1-1024x768.jpg\" src=\"https:\/\/efimarbella.com\/wp-content\/uploads\/2020\/10\/119174507_3222445834506065_1879708048217396698_o-1-1024x768.jpg\" alt=\"\" data-id=\"4007\" data-full-url=\"https:\/\/efimarbella.com\/wp-content\/uploads\/2020\/10\/119174507_3222445834506065_1879708048217396698_o-1.jpg\" data-link=\"https:\/\/efimarbella.com\/espaces-et-ambiances\/119174507_3222445834506065_1879708048217396698_o-1\/\" class=\"wp-image-4007\" srcset=\"https:\/\/efimarbella.com\/wp-content\/uploads\/2020\/10\/119174507_3222445834506065_1879708048217396698_o-1-1024x768.jpg 1024w, https:\/\/efimarbella.com\/wp-content\/uploads\/2020\/10\/119174507_3222445834506065_1879708048217396698_o-1-300x225.jpg 300w, https:\/\/efimarbella.com\/wp-content\/uploads\/2020\/10\/119174507_3222445834506065_1879708048217396698_o-1-768x576.jpg 768w, https:\/\/efimarbella.com\/wp-content\/uploads\/2020\/10\/119174507_3222445834506065_1879708048217396698_o-1-1536x1152.jpg 1536w, https:\/\/efimarbella.com\/wp-content\/uploads\/2020\/10\/119174507_3222445834506065_1879708048217396698_o-1-16x12.jpg 16w, https:\/\/efimarbella.com\/wp-content\/uploads\/2020\/10\/119174507_3222445834506065_1879708048217396698_o-1-1160x870.jpg 1160w, https:\/\/efimarbella.com\/wp-content\/uploads\/2020\/10\/119174507_3222445834506065_1879708048217396698_o-1-860x645.jpg 860w, https:\/\/efimarbella.com\/wp-content\/uploads\/2020\/10\/119174507_3222445834506065_1879708048217396698_o-1-600x450.jpg 600w, https:\/\/efimarbella.com\/wp-content\/uploads\/2020\/10\/119174507_3222445834506065_1879708048217396698_o-1-122x92.jpg 122w, https:\/\/efimarbella.com\/wp-content\/uploads\/2020\/10\/119174507_3222445834506065_1879708048217396698_o-1.jpg 2016w\" sizes=\"auto, (max-width: 1024px) 100vw, 1024px\" \/><\/figure><\/li><li class=\"blocks-gallery-item\"><figure><img loading=\"lazy\" decoding=\"async\" width=\"1024\" height=\"764\" data-attachment-id=\"4006\" data-permalink=\"https:\/\/efimarbella.com\/sv\/espaces-et-ambiances\/119136756_3222447134505935_3911535836321830365_o-1\/\" data-orig-file=\"https:\/\/efimarbella.com\/wp-content\/uploads\/2020\/10\/119136756_3222447134505935_3911535836321830365_o-1.jpg\" data-orig-size=\"2016,1504\" data-comments-opened=\"1\" data-image-meta=\"{&quot;aperture&quot;:&quot;0&quot;,&quot;credit&quot;:&quot;&quot;,&quot;camera&quot;:&quot;&quot;,&quot;caption&quot;:&quot;&quot;,&quot;created_timestamp&quot;:&quot;0&quot;,&quot;copyright&quot;:&quot;&quot;,&quot;focal_length&quot;:&quot;0&quot;,&quot;iso&quot;:&quot;0&quot;,&quot;shutter_speed&quot;:&quot;0&quot;,&quot;title&quot;:&quot;&quot;,&quot;orientation&quot;:&quot;0&quot;}\" data-image-title=\"119136756_3222447134505935_3911535836321830365_o-1\" data-image-description=\"\" data-image-caption=\"\" data-large-file=\"https:\/\/efimarbella.com\/wp-content\/uploads\/2020\/10\/119136756_3222447134505935_3911535836321830365_o-1-1024x764.jpg\" src=\"https:\/\/efimarbella.com\/wp-content\/uploads\/2020\/10\/119136756_3222447134505935_3911535836321830365_o-1-1024x764.jpg\" alt=\"\" data-id=\"4006\" data-full-url=\"https:\/\/efimarbella.com\/wp-content\/uploads\/2020\/10\/119136756_3222447134505935_3911535836321830365_o-1.jpg\" data-link=\"https:\/\/efimarbella.com\/espaces-et-ambiances\/119136756_3222447134505935_3911535836321830365_o-1\/\" class=\"wp-image-4006\" srcset=\"https:\/\/efimarbella.com\/wp-content\/uploads\/2020\/10\/119136756_3222447134505935_3911535836321830365_o-1-1024x764.jpg 1024w, https:\/\/efimarbella.com\/wp-content\/uploads\/2020\/10\/119136756_3222447134505935_3911535836321830365_o-1-300x224.jpg 300w, https:\/\/efimarbella.com\/wp-content\/uploads\/2020\/10\/119136756_3222447134505935_3911535836321830365_o-1-768x573.jpg 768w, https:\/\/efimarbella.com\/wp-content\/uploads\/2020\/10\/119136756_3222447134505935_3911535836321830365_o-1-1536x1146.jpg 1536w, https:\/\/efimarbella.com\/wp-content\/uploads\/2020\/10\/119136756_3222447134505935_3911535836321830365_o-1-16x12.jpg 16w, https:\/\/efimarbella.com\/wp-content\/uploads\/2020\/10\/119136756_3222447134505935_3911535836321830365_o-1-1160x865.jpg 1160w, https:\/\/efimarbella.com\/wp-content\/uploads\/2020\/10\/119136756_3222447134505935_3911535836321830365_o-1-860x642.jpg 860w, https:\/\/efimarbella.com\/wp-content\/uploads\/2020\/10\/119136756_3222447134505935_3911535836321830365_o-1-600x448.jpg 600w, https:\/\/efimarbella.com\/wp-content\/uploads\/2020\/10\/119136756_3222447134505935_3911535836321830365_o-1-122x91.jpg 122w, https:\/\/efimarbella.com\/wp-content\/uploads\/2020\/10\/119136756_3222447134505935_3911535836321830365_o-1.jpg 2016w\" sizes=\"auto, (max-width: 1024px) 100vw, 1024px\" \/><\/figure><\/li><li class=\"blocks-gallery-item\"><figure><img loading=\"lazy\" decoding=\"async\" width=\"1024\" height=\"768\" data-attachment-id=\"4005\" data-permalink=\"https:\/\/efimarbella.com\/sv\/espaces-et-ambiances\/119135917_3222446871172628_8201362969149194013_o-1\/\" data-orig-file=\"https:\/\/efimarbella.com\/wp-content\/uploads\/2020\/10\/119135917_3222446871172628_8201362969149194013_o-1.jpg\" data-orig-size=\"2016,1512\" data-comments-opened=\"1\" data-image-meta=\"{&quot;aperture&quot;:&quot;0&quot;,&quot;credit&quot;:&quot;&quot;,&quot;camera&quot;:&quot;&quot;,&quot;caption&quot;:&quot;&quot;,&quot;created_timestamp&quot;:&quot;0&quot;,&quot;copyright&quot;:&quot;&quot;,&quot;focal_length&quot;:&quot;0&quot;,&quot;iso&quot;:&quot;0&quot;,&quot;shutter_speed&quot;:&quot;0&quot;,&quot;title&quot;:&quot;&quot;,&quot;orientation&quot;:&quot;0&quot;}\" data-image-title=\"119135917_3222446871172628_8201362969149194013_o-1\" data-image-description=\"\" data-image-caption=\"\" data-large-file=\"https:\/\/efimarbella.com\/wp-content\/uploads\/2020\/10\/119135917_3222446871172628_8201362969149194013_o-1-1024x768.jpg\" src=\"https:\/\/efimarbella.com\/wp-content\/uploads\/2020\/10\/119135917_3222446871172628_8201362969149194013_o-1-1024x768.jpg\" alt=\"\" data-id=\"4005\" data-full-url=\"https:\/\/efimarbella.com\/wp-content\/uploads\/2020\/10\/119135917_3222446871172628_8201362969149194013_o-1.jpg\" data-link=\"https:\/\/efimarbella.com\/espaces-et-ambiances\/119135917_3222446871172628_8201362969149194013_o-1\/\" class=\"wp-image-4005\" srcset=\"https:\/\/efimarbella.com\/wp-content\/uploads\/2020\/10\/119135917_3222446871172628_8201362969149194013_o-1-1024x768.jpg 1024w, https:\/\/efimarbella.com\/wp-content\/uploads\/2020\/10\/119135917_3222446871172628_8201362969149194013_o-1-300x225.jpg 300w, https:\/\/efimarbella.com\/wp-content\/uploads\/2020\/10\/119135917_3222446871172628_8201362969149194013_o-1-768x576.jpg 768w, https:\/\/efimarbella.com\/wp-content\/uploads\/2020\/10\/119135917_3222446871172628_8201362969149194013_o-1-1536x1152.jpg 1536w, https:\/\/efimarbella.com\/wp-content\/uploads\/2020\/10\/119135917_3222446871172628_8201362969149194013_o-1-16x12.jpg 16w, https:\/\/efimarbella.com\/wp-content\/uploads\/2020\/10\/119135917_3222446871172628_8201362969149194013_o-1-1160x870.jpg 1160w, https:\/\/efimarbella.com\/wp-content\/uploads\/2020\/10\/119135917_3222446871172628_8201362969149194013_o-1-860x645.jpg 860w, https:\/\/efimarbella.com\/wp-content\/uploads\/2020\/10\/119135917_3222446871172628_8201362969149194013_o-1-600x450.jpg 600w, https:\/\/efimarbella.com\/wp-content\/uploads\/2020\/10\/119135917_3222446871172628_8201362969149194013_o-1-122x92.jpg 122w, https:\/\/efimarbella.com\/wp-content\/uploads\/2020\/10\/119135917_3222446871172628_8201362969149194013_o-1.jpg 2016w\" sizes=\"auto, (max-width: 1024px) 100vw, 1024px\" \/><\/figure><\/li><li class=\"blocks-gallery-item\"><figure><img loading=\"lazy\" decoding=\"async\" width=\"1024\" height=\"768\" data-attachment-id=\"4004\" data-permalink=\"https:\/\/efimarbella.com\/sv\/espaces-et-ambiances\/119101154_3222447274505921_541968260668202778_o-1\/\" data-orig-file=\"https:\/\/efimarbella.com\/wp-content\/uploads\/2020\/10\/119101154_3222447274505921_541968260668202778_o-1.jpg\" data-orig-size=\"2016,1512\" data-comments-opened=\"1\" data-image-meta=\"{&quot;aperture&quot;:&quot;0&quot;,&quot;credit&quot;:&quot;&quot;,&quot;camera&quot;:&quot;&quot;,&quot;caption&quot;:&quot;&quot;,&quot;created_timestamp&quot;:&quot;0&quot;,&quot;copyright&quot;:&quot;&quot;,&quot;focal_length&quot;:&quot;0&quot;,&quot;iso&quot;:&quot;0&quot;,&quot;shutter_speed&quot;:&quot;0&quot;,&quot;title&quot;:&quot;&quot;,&quot;orientation&quot;:&quot;0&quot;}\" data-image-title=\"119101154_3222447274505921_541968260668202778_o-1\" data-image-description=\"\" data-image-caption=\"\" data-large-file=\"https:\/\/efimarbella.com\/wp-content\/uploads\/2020\/10\/119101154_3222447274505921_541968260668202778_o-1-1024x768.jpg\" src=\"https:\/\/efimarbella.com\/wp-content\/uploads\/2020\/10\/119101154_3222447274505921_541968260668202778_o-1-1024x768.jpg\" alt=\"\" data-id=\"4004\" data-full-url=\"https:\/\/efimarbella.com\/wp-content\/uploads\/2020\/10\/119101154_3222447274505921_541968260668202778_o-1.jpg\" data-link=\"https:\/\/efimarbella.com\/espaces-et-ambiances\/119101154_3222447274505921_541968260668202778_o-1\/\" class=\"wp-image-4004\" srcset=\"https:\/\/efimarbella.com\/wp-content\/uploads\/2020\/10\/119101154_3222447274505921_541968260668202778_o-1-1024x768.jpg 1024w, https:\/\/efimarbella.com\/wp-content\/uploads\/2020\/10\/119101154_3222447274505921_541968260668202778_o-1-300x225.jpg 300w, https:\/\/efimarbella.com\/wp-content\/uploads\/2020\/10\/119101154_3222447274505921_541968260668202778_o-1-768x576.jpg 768w, https:\/\/efimarbella.com\/wp-content\/uploads\/2020\/10\/119101154_3222447274505921_541968260668202778_o-1-1536x1152.jpg 1536w, https:\/\/efimarbella.com\/wp-content\/uploads\/2020\/10\/119101154_3222447274505921_541968260668202778_o-1-16x12.jpg 16w, https:\/\/efimarbella.com\/wp-content\/uploads\/2020\/10\/119101154_3222447274505921_541968260668202778_o-1-1160x870.jpg 1160w, https:\/\/efimarbella.com\/wp-content\/uploads\/2020\/10\/119101154_3222447274505921_541968260668202778_o-1-860x645.jpg 860w, https:\/\/efimarbella.com\/wp-content\/uploads\/2020\/10\/119101154_3222447274505921_541968260668202778_o-1-600x450.jpg 600w, https:\/\/efimarbella.com\/wp-content\/uploads\/2020\/10\/119101154_3222447274505921_541968260668202778_o-1-122x92.jpg 122w, https:\/\/efimarbella.com\/wp-content\/uploads\/2020\/10\/119101154_3222447274505921_541968260668202778_o-1.jpg 2016w\" sizes=\"auto, (max-width: 1024px) 100vw, 1024px\" \/><\/figure><\/li><li class=\"blocks-gallery-item\"><figure><img loading=\"lazy\" decoding=\"async\" width=\"1024\" height=\"768\" data-attachment-id=\"4003\" data-permalink=\"https:\/\/efimarbella.com\/sv\/espaces-et-ambiances\/119080386_3222447254505923_9061393316264124735_o-1\/\" data-orig-file=\"https:\/\/efimarbella.com\/wp-content\/uploads\/2020\/10\/119080386_3222447254505923_9061393316264124735_o-1.jpg\" data-orig-size=\"2016,1512\" data-comments-opened=\"1\" data-image-meta=\"{&quot;aperture&quot;:&quot;0&quot;,&quot;credit&quot;:&quot;&quot;,&quot;camera&quot;:&quot;&quot;,&quot;caption&quot;:&quot;&quot;,&quot;created_timestamp&quot;:&quot;0&quot;,&quot;copyright&quot;:&quot;&quot;,&quot;focal_length&quot;:&quot;0&quot;,&quot;iso&quot;:&quot;0&quot;,&quot;shutter_speed&quot;:&quot;0&quot;,&quot;title&quot;:&quot;&quot;,&quot;orientation&quot;:&quot;0&quot;}\" data-image-title=\"119080386_3222447254505923_9061393316264124735_o-1\" data-image-description=\"\" data-image-caption=\"\" data-large-file=\"https:\/\/efimarbella.com\/wp-content\/uploads\/2020\/10\/119080386_3222447254505923_9061393316264124735_o-1-1024x768.jpg\" src=\"https:\/\/efimarbella.com\/wp-content\/uploads\/2020\/10\/119080386_3222447254505923_9061393316264124735_o-1-1024x768.jpg\" alt=\"\" data-id=\"4003\" data-full-url=\"https:\/\/efimarbella.com\/wp-content\/uploads\/2020\/10\/119080386_3222447254505923_9061393316264124735_o-1.jpg\" data-link=\"https:\/\/efimarbella.com\/espaces-et-ambiances\/119080386_3222447254505923_9061393316264124735_o-1\/\" class=\"wp-image-4003\" srcset=\"https:\/\/efimarbella.com\/wp-content\/uploads\/2020\/10\/119080386_3222447254505923_9061393316264124735_o-1-1024x768.jpg 1024w, https:\/\/efimarbella.com\/wp-content\/uploads\/2020\/10\/119080386_3222447254505923_9061393316264124735_o-1-300x225.jpg 300w, https:\/\/efimarbella.com\/wp-content\/uploads\/2020\/10\/119080386_3222447254505923_9061393316264124735_o-1-768x576.jpg 768w, https:\/\/efimarbella.com\/wp-content\/uploads\/2020\/10\/119080386_3222447254505923_9061393316264124735_o-1-1536x1152.jpg 1536w, https:\/\/efimarbella.com\/wp-content\/uploads\/2020\/10\/119080386_3222447254505923_9061393316264124735_o-1-16x12.jpg 16w, https:\/\/efimarbella.com\/wp-content\/uploads\/2020\/10\/119080386_3222447254505923_9061393316264124735_o-1-1160x870.jpg 1160w, https:\/\/efimarbella.com\/wp-content\/uploads\/2020\/10\/119080386_3222447254505923_9061393316264124735_o-1-860x645.jpg 860w, https:\/\/efimarbella.com\/wp-content\/uploads\/2020\/10\/119080386_3222447254505923_9061393316264124735_o-1-600x450.jpg 600w, https:\/\/efimarbella.com\/wp-content\/uploads\/2020\/10\/119080386_3222447254505923_9061393316264124735_o-1-122x92.jpg 122w, https:\/\/efimarbella.com\/wp-content\/uploads\/2020\/10\/119080386_3222447254505923_9061393316264124735_o-1.jpg 2016w\" sizes=\"auto, (max-width: 1024px) 100vw, 1024px\" \/><\/figure><\/li><li class=\"blocks-gallery-item\"><figure><img loading=\"lazy\" decoding=\"async\" width=\"1024\" height=\"768\" data-attachment-id=\"4002\" data-permalink=\"https:\/\/efimarbella.com\/sv\/espaces-et-ambiances\/119059171_3222446184506030_6561464665412751684_o-1\/\" data-orig-file=\"https:\/\/efimarbella.com\/wp-content\/uploads\/2020\/10\/119059171_3222446184506030_6561464665412751684_o-1.jpg\" data-orig-size=\"2016,1512\" data-comments-opened=\"1\" data-image-meta=\"{&quot;aperture&quot;:&quot;0&quot;,&quot;credit&quot;:&quot;&quot;,&quot;camera&quot;:&quot;&quot;,&quot;caption&quot;:&quot;&quot;,&quot;created_timestamp&quot;:&quot;0&quot;,&quot;copyright&quot;:&quot;&quot;,&quot;focal_length&quot;:&quot;0&quot;,&quot;iso&quot;:&quot;0&quot;,&quot;shutter_speed&quot;:&quot;0&quot;,&quot;title&quot;:&quot;&quot;,&quot;orientation&quot;:&quot;0&quot;}\" data-image-title=\"119059171_3222446184506030_6561464665412751684_o-1\" data-image-description=\"\" data-image-caption=\"\" data-large-file=\"https:\/\/efimarbella.com\/wp-content\/uploads\/2020\/10\/119059171_3222446184506030_6561464665412751684_o-1-1024x768.jpg\" src=\"https:\/\/efimarbella.com\/wp-content\/uploads\/2020\/10\/119059171_3222446184506030_6561464665412751684_o-1-1024x768.jpg\" alt=\"\" data-id=\"4002\" data-full-url=\"https:\/\/efimarbella.com\/wp-content\/uploads\/2020\/10\/119059171_3222446184506030_6561464665412751684_o-1.jpg\" data-link=\"https:\/\/efimarbella.com\/espaces-et-ambiances\/119059171_3222446184506030_6561464665412751684_o-1\/\" class=\"wp-image-4002\" srcset=\"https:\/\/efimarbella.com\/wp-content\/uploads\/2020\/10\/119059171_3222446184506030_6561464665412751684_o-1-1024x768.jpg 1024w, https:\/\/efimarbella.com\/wp-content\/uploads\/2020\/10\/119059171_3222446184506030_6561464665412751684_o-1-300x225.jpg 300w, https:\/\/efimarbella.com\/wp-content\/uploads\/2020\/10\/119059171_3222446184506030_6561464665412751684_o-1-768x576.jpg 768w, https:\/\/efimarbella.com\/wp-content\/uploads\/2020\/10\/119059171_3222446184506030_6561464665412751684_o-1-1536x1152.jpg 1536w, https:\/\/efimarbella.com\/wp-content\/uploads\/2020\/10\/119059171_3222446184506030_6561464665412751684_o-1-16x12.jpg 16w, https:\/\/efimarbella.com\/wp-content\/uploads\/2020\/10\/119059171_3222446184506030_6561464665412751684_o-1-1160x870.jpg 1160w, https:\/\/efimarbella.com\/wp-content\/uploads\/2020\/10\/119059171_3222446184506030_6561464665412751684_o-1-860x645.jpg 860w, https:\/\/efimarbella.com\/wp-content\/uploads\/2020\/10\/119059171_3222446184506030_6561464665412751684_o-1-600x450.jpg 600w, https:\/\/efimarbella.com\/wp-content\/uploads\/2020\/10\/119059171_3222446184506030_6561464665412751684_o-1-122x92.jpg 122w, https:\/\/efimarbella.com\/wp-content\/uploads\/2020\/10\/119059171_3222446184506030_6561464665412751684_o-1.jpg 2016w\" sizes=\"auto, (max-width: 1024px) 100vw, 1024px\" \/><\/figure><\/li><li class=\"blocks-gallery-item\"><figure><img loading=\"lazy\" decoding=\"async\" width=\"1024\" height=\"764\" data-attachment-id=\"4000\" data-permalink=\"https:\/\/efimarbella.com\/sv\/espaces-et-ambiances\/119180688_3222447577839224_7559485817434096122_o\/\" data-orig-file=\"https:\/\/efimarbella.com\/wp-content\/uploads\/2020\/10\/119180688_3222447577839224_7559485817434096122_o.jpg\" data-orig-size=\"2016,1504\" data-comments-opened=\"1\" data-image-meta=\"{&quot;aperture&quot;:&quot;0&quot;,&quot;credit&quot;:&quot;&quot;,&quot;camera&quot;:&quot;&quot;,&quot;caption&quot;:&quot;&quot;,&quot;created_timestamp&quot;:&quot;0&quot;,&quot;copyright&quot;:&quot;&quot;,&quot;focal_length&quot;:&quot;0&quot;,&quot;iso&quot;:&quot;0&quot;,&quot;shutter_speed&quot;:&quot;0&quot;,&quot;title&quot;:&quot;&quot;,&quot;orientation&quot;:&quot;0&quot;}\" data-image-title=\"119180688_3222447577839224_7559485817434096122_o\" data-image-description=\"\" data-image-caption=\"\" data-large-file=\"https:\/\/efimarbella.com\/wp-content\/uploads\/2020\/10\/119180688_3222447577839224_7559485817434096122_o-1024x764.jpg\" src=\"https:\/\/efimarbella.com\/wp-content\/uploads\/2020\/10\/119180688_3222447577839224_7559485817434096122_o-1024x764.jpg\" alt=\"\" data-id=\"4000\" data-full-url=\"https:\/\/efimarbella.com\/wp-content\/uploads\/2020\/10\/119180688_3222447577839224_7559485817434096122_o.jpg\" data-link=\"https:\/\/efimarbella.com\/espaces-et-ambiances\/119180688_3222447577839224_7559485817434096122_o\/\" class=\"wp-image-4000\" srcset=\"https:\/\/efimarbella.com\/wp-content\/uploads\/2020\/10\/119180688_3222447577839224_7559485817434096122_o-1024x764.jpg 1024w, https:\/\/efimarbella.com\/wp-content\/uploads\/2020\/10\/119180688_3222447577839224_7559485817434096122_o-300x224.jpg 300w, https:\/\/efimarbella.com\/wp-content\/uploads\/2020\/10\/119180688_3222447577839224_7559485817434096122_o-768x573.jpg 768w, https:\/\/efimarbella.com\/wp-content\/uploads\/2020\/10\/119180688_3222447577839224_7559485817434096122_o-1536x1146.jpg 1536w, https:\/\/efimarbella.com\/wp-content\/uploads\/2020\/10\/119180688_3222447577839224_7559485817434096122_o-16x12.jpg 16w, https:\/\/efimarbella.com\/wp-content\/uploads\/2020\/10\/119180688_3222447577839224_7559485817434096122_o-1160x865.jpg 1160w, https:\/\/efimarbella.com\/wp-content\/uploads\/2020\/10\/119180688_3222447577839224_7559485817434096122_o-860x642.jpg 860w, https:\/\/efimarbella.com\/wp-content\/uploads\/2020\/10\/119180688_3222447577839224_7559485817434096122_o-600x448.jpg 600w, https:\/\/efimarbella.com\/wp-content\/uploads\/2020\/10\/119180688_3222447577839224_7559485817434096122_o-122x91.jpg 122w, https:\/\/efimarbella.com\/wp-content\/uploads\/2020\/10\/119180688_3222447577839224_7559485817434096122_o.jpg 2016w\" sizes=\"auto, (max-width: 1024px) 100vw, 1024px\" \/><\/figure><\/li><li class=\"blocks-gallery-item\"><figure><img loading=\"lazy\" decoding=\"async\" width=\"1024\" height=\"768\" data-attachment-id=\"3999\" data-permalink=\"https:\/\/efimarbella.com\/sv\/espaces-et-ambiances\/119174507_3222445834506065_1879708048217396698_o\/\" data-orig-file=\"https:\/\/efimarbella.com\/wp-content\/uploads\/2020\/10\/119174507_3222445834506065_1879708048217396698_o.jpg\" data-orig-size=\"2016,1512\" data-comments-opened=\"1\" data-image-meta=\"{&quot;aperture&quot;:&quot;0&quot;,&quot;credit&quot;:&quot;&quot;,&quot;camera&quot;:&quot;&quot;,&quot;caption&quot;:&quot;&quot;,&quot;created_timestamp&quot;:&quot;0&quot;,&quot;copyright&quot;:&quot;&quot;,&quot;focal_length&quot;:&quot;0&quot;,&quot;iso&quot;:&quot;0&quot;,&quot;shutter_speed&quot;:&quot;0&quot;,&quot;title&quot;:&quot;&quot;,&quot;orientation&quot;:&quot;0&quot;}\" data-image-title=\"119174507_3222445834506065_1879708048217396698_o\" data-image-description=\"\" data-image-caption=\"\" data-large-file=\"https:\/\/efimarbella.com\/wp-content\/uploads\/2020\/10\/119174507_3222445834506065_1879708048217396698_o-1024x768.jpg\" src=\"https:\/\/efimarbella.com\/wp-content\/uploads\/2020\/10\/119174507_3222445834506065_1879708048217396698_o-1024x768.jpg\" alt=\"\" data-id=\"3999\" data-full-url=\"https:\/\/efimarbella.com\/wp-content\/uploads\/2020\/10\/119174507_3222445834506065_1879708048217396698_o.jpg\" data-link=\"https:\/\/efimarbella.com\/espaces-et-ambiances\/119174507_3222445834506065_1879708048217396698_o\/\" class=\"wp-image-3999\" srcset=\"https:\/\/efimarbella.com\/wp-content\/uploads\/2020\/10\/119174507_3222445834506065_1879708048217396698_o-1024x768.jpg 1024w, https:\/\/efimarbella.com\/wp-content\/uploads\/2020\/10\/119174507_3222445834506065_1879708048217396698_o-300x225.jpg 300w, https:\/\/efimarbella.com\/wp-content\/uploads\/2020\/10\/119174507_3222445834506065_1879708048217396698_o-768x576.jpg 768w, https:\/\/efimarbella.com\/wp-content\/uploads\/2020\/10\/119174507_3222445834506065_1879708048217396698_o-1536x1152.jpg 1536w, https:\/\/efimarbella.com\/wp-content\/uploads\/2020\/10\/119174507_3222445834506065_1879708048217396698_o-16x12.jpg 16w, https:\/\/efimarbella.com\/wp-content\/uploads\/2020\/10\/119174507_3222445834506065_1879708048217396698_o-1160x870.jpg 1160w, https:\/\/efimarbella.com\/wp-content\/uploads\/2020\/10\/119174507_3222445834506065_1879708048217396698_o-860x645.jpg 860w, https:\/\/efimarbella.com\/wp-content\/uploads\/2020\/10\/119174507_3222445834506065_1879708048217396698_o-600x450.jpg 600w, https:\/\/efimarbella.com\/wp-content\/uploads\/2020\/10\/119174507_3222445834506065_1879708048217396698_o-122x92.jpg 122w, https:\/\/efimarbella.com\/wp-content\/uploads\/2020\/10\/119174507_3222445834506065_1879708048217396698_o.jpg 2016w\" sizes=\"auto, (max-width: 1024px) 100vw, 1024px\" \/><\/figure><\/li><li class=\"blocks-gallery-item\"><figure><img loading=\"lazy\" decoding=\"async\" width=\"1024\" height=\"764\" data-attachment-id=\"3998\" data-permalink=\"https:\/\/efimarbella.com\/sv\/espaces-et-ambiances\/119136756_3222447134505935_3911535836321830365_o\/\" data-orig-file=\"https:\/\/efimarbella.com\/wp-content\/uploads\/2020\/10\/119136756_3222447134505935_3911535836321830365_o.jpg\" data-orig-size=\"2016,1504\" data-comments-opened=\"1\" data-image-meta=\"{&quot;aperture&quot;:&quot;0&quot;,&quot;credit&quot;:&quot;&quot;,&quot;camera&quot;:&quot;&quot;,&quot;caption&quot;:&quot;&quot;,&quot;created_timestamp&quot;:&quot;0&quot;,&quot;copyright&quot;:&quot;&quot;,&quot;focal_length&quot;:&quot;0&quot;,&quot;iso&quot;:&quot;0&quot;,&quot;shutter_speed&quot;:&quot;0&quot;,&quot;title&quot;:&quot;&quot;,&quot;orientation&quot;:&quot;0&quot;}\" data-image-title=\"119136756_3222447134505935_3911535836321830365_o\" data-image-description=\"\" data-image-caption=\"\" data-large-file=\"https:\/\/efimarbella.com\/wp-content\/uploads\/2020\/10\/119136756_3222447134505935_3911535836321830365_o-1024x764.jpg\" src=\"https:\/\/efimarbella.com\/wp-content\/uploads\/2020\/10\/119136756_3222447134505935_3911535836321830365_o-1024x764.jpg\" alt=\"\" data-id=\"3998\" data-full-url=\"https:\/\/efimarbella.com\/wp-content\/uploads\/2020\/10\/119136756_3222447134505935_3911535836321830365_o.jpg\" data-link=\"https:\/\/efimarbella.com\/espaces-et-ambiances\/119136756_3222447134505935_3911535836321830365_o\/\" class=\"wp-image-3998\" srcset=\"https:\/\/efimarbella.com\/wp-content\/uploads\/2020\/10\/119136756_3222447134505935_3911535836321830365_o-1024x764.jpg 1024w, https:\/\/efimarbella.com\/wp-content\/uploads\/2020\/10\/119136756_3222447134505935_3911535836321830365_o-300x224.jpg 300w, https:\/\/efimarbella.com\/wp-content\/uploads\/2020\/10\/119136756_3222447134505935_3911535836321830365_o-768x573.jpg 768w, https:\/\/efimarbella.com\/wp-content\/uploads\/2020\/10\/119136756_3222447134505935_3911535836321830365_o-1536x1146.jpg 1536w, https:\/\/efimarbella.com\/wp-content\/uploads\/2020\/10\/119136756_3222447134505935_3911535836321830365_o-16x12.jpg 16w, https:\/\/efimarbella.com\/wp-content\/uploads\/2020\/10\/119136756_3222447134505935_3911535836321830365_o-1160x865.jpg 1160w, https:\/\/efimarbella.com\/wp-content\/uploads\/2020\/10\/119136756_3222447134505935_3911535836321830365_o-860x642.jpg 860w, https:\/\/efimarbella.com\/wp-content\/uploads\/2020\/10\/119136756_3222447134505935_3911535836321830365_o-600x448.jpg 600w, https:\/\/efimarbella.com\/wp-content\/uploads\/2020\/10\/119136756_3222447134505935_3911535836321830365_o-122x91.jpg 122w, https:\/\/efimarbella.com\/wp-content\/uploads\/2020\/10\/119136756_3222447134505935_3911535836321830365_o.jpg 2016w\" sizes=\"auto, (max-width: 1024px) 100vw, 1024px\" \/><\/figure><\/li><li class=\"blocks-gallery-item\"><figure><img loading=\"lazy\" decoding=\"async\" width=\"1024\" height=\"768\" data-attachment-id=\"3997\" data-permalink=\"https:\/\/efimarbella.com\/sv\/espaces-et-ambiances\/119135917_3222446871172628_8201362969149194013_o\/\" data-orig-file=\"https:\/\/efimarbella.com\/wp-content\/uploads\/2020\/10\/119135917_3222446871172628_8201362969149194013_o.jpg\" data-orig-size=\"2016,1512\" data-comments-opened=\"1\" data-image-meta=\"{&quot;aperture&quot;:&quot;0&quot;,&quot;credit&quot;:&quot;&quot;,&quot;camera&quot;:&quot;&quot;,&quot;caption&quot;:&quot;&quot;,&quot;created_timestamp&quot;:&quot;0&quot;,&quot;copyright&quot;:&quot;&quot;,&quot;focal_length&quot;:&quot;0&quot;,&quot;iso&quot;:&quot;0&quot;,&quot;shutter_speed&quot;:&quot;0&quot;,&quot;title&quot;:&quot;&quot;,&quot;orientation&quot;:&quot;0&quot;}\" data-image-title=\"119135917_3222446871172628_8201362969149194013_o\" data-image-description=\"\" data-image-caption=\"\" data-large-file=\"https:\/\/efimarbella.com\/wp-content\/uploads\/2020\/10\/119135917_3222446871172628_8201362969149194013_o-1024x768.jpg\" src=\"https:\/\/efimarbella.com\/wp-content\/uploads\/2020\/10\/119135917_3222446871172628_8201362969149194013_o-1024x768.jpg\" alt=\"\" data-id=\"3997\" data-full-url=\"https:\/\/efimarbella.com\/wp-content\/uploads\/2020\/10\/119135917_3222446871172628_8201362969149194013_o.jpg\" data-link=\"https:\/\/efimarbella.com\/espaces-et-ambiances\/119135917_3222446871172628_8201362969149194013_o\/\" class=\"wp-image-3997\" srcset=\"https:\/\/efimarbella.com\/wp-content\/uploads\/2020\/10\/119135917_3222446871172628_8201362969149194013_o-1024x768.jpg 1024w, https:\/\/efimarbella.com\/wp-content\/uploads\/2020\/10\/119135917_3222446871172628_8201362969149194013_o-300x225.jpg 300w, https:\/\/efimarbella.com\/wp-content\/uploads\/2020\/10\/119135917_3222446871172628_8201362969149194013_o-768x576.jpg 768w, https:\/\/efimarbella.com\/wp-content\/uploads\/2020\/10\/119135917_3222446871172628_8201362969149194013_o-1536x1152.jpg 1536w, https:\/\/efimarbella.com\/wp-content\/uploads\/2020\/10\/119135917_3222446871172628_8201362969149194013_o-16x12.jpg 16w, https:\/\/efimarbella.com\/wp-content\/uploads\/2020\/10\/119135917_3222446871172628_8201362969149194013_o-1160x870.jpg 1160w, https:\/\/efimarbella.com\/wp-content\/uploads\/2020\/10\/119135917_3222446871172628_8201362969149194013_o-860x645.jpg 860w, https:\/\/efimarbella.com\/wp-content\/uploads\/2020\/10\/119135917_3222446871172628_8201362969149194013_o-600x450.jpg 600w, https:\/\/efimarbella.com\/wp-content\/uploads\/2020\/10\/119135917_3222446871172628_8201362969149194013_o-122x92.jpg 122w, https:\/\/efimarbella.com\/wp-content\/uploads\/2020\/10\/119135917_3222446871172628_8201362969149194013_o.jpg 2016w\" sizes=\"auto, (max-width: 1024px) 100vw, 1024px\" \/><\/figure><\/li><li class=\"blocks-gallery-item\"><figure><img loading=\"lazy\" decoding=\"async\" width=\"1024\" height=\"768\" data-attachment-id=\"3996\" data-permalink=\"https:\/\/efimarbella.com\/sv\/espaces-et-ambiances\/119101154_3222447274505921_541968260668202778_o\/\" data-orig-file=\"https:\/\/efimarbella.com\/wp-content\/uploads\/2020\/10\/119101154_3222447274505921_541968260668202778_o.jpg\" data-orig-size=\"2016,1512\" data-comments-opened=\"1\" data-image-meta=\"{&quot;aperture&quot;:&quot;0&quot;,&quot;credit&quot;:&quot;&quot;,&quot;camera&quot;:&quot;&quot;,&quot;caption&quot;:&quot;&quot;,&quot;created_timestamp&quot;:&quot;0&quot;,&quot;copyright&quot;:&quot;&quot;,&quot;focal_length&quot;:&quot;0&quot;,&quot;iso&quot;:&quot;0&quot;,&quot;shutter_speed&quot;:&quot;0&quot;,&quot;title&quot;:&quot;&quot;,&quot;orientation&quot;:&quot;0&quot;}\" data-image-title=\"119101154_3222447274505921_541968260668202778_o\" data-image-description=\"\" data-image-caption=\"\" data-large-file=\"https:\/\/efimarbella.com\/wp-content\/uploads\/2020\/10\/119101154_3222447274505921_541968260668202778_o-1024x768.jpg\" src=\"https:\/\/efimarbella.com\/wp-content\/uploads\/2020\/10\/119101154_3222447274505921_541968260668202778_o-1024x768.jpg\" alt=\"\" data-id=\"3996\" data-full-url=\"https:\/\/efimarbella.com\/wp-content\/uploads\/2020\/10\/119101154_3222447274505921_541968260668202778_o.jpg\" data-link=\"https:\/\/efimarbella.com\/espaces-et-ambiances\/119101154_3222447274505921_541968260668202778_o\/\" class=\"wp-image-3996\" srcset=\"https:\/\/efimarbella.com\/wp-content\/uploads\/2020\/10\/119101154_3222447274505921_541968260668202778_o-1024x768.jpg 1024w, https:\/\/efimarbella.com\/wp-content\/uploads\/2020\/10\/119101154_3222447274505921_541968260668202778_o-300x225.jpg 300w, https:\/\/efimarbella.com\/wp-content\/uploads\/2020\/10\/119101154_3222447274505921_541968260668202778_o-768x576.jpg 768w, https:\/\/efimarbella.com\/wp-content\/uploads\/2020\/10\/119101154_3222447274505921_541968260668202778_o-1536x1152.jpg 1536w, https:\/\/efimarbella.com\/wp-content\/uploads\/2020\/10\/119101154_3222447274505921_541968260668202778_o-16x12.jpg 16w, https:\/\/efimarbella.com\/wp-content\/uploads\/2020\/10\/119101154_3222447274505921_541968260668202778_o-1160x870.jpg 1160w, https:\/\/efimarbella.com\/wp-content\/uploads\/2020\/10\/119101154_3222447274505921_541968260668202778_o-860x645.jpg 860w, https:\/\/efimarbella.com\/wp-content\/uploads\/2020\/10\/119101154_3222447274505921_541968260668202778_o-600x450.jpg 600w, https:\/\/efimarbella.com\/wp-content\/uploads\/2020\/10\/119101154_3222447274505921_541968260668202778_o-122x92.jpg 122w, https:\/\/efimarbella.com\/wp-content\/uploads\/2020\/10\/119101154_3222447274505921_541968260668202778_o.jpg 2016w\" sizes=\"auto, (max-width: 1024px) 100vw, 1024px\" \/><\/figure><\/li><li class=\"blocks-gallery-item\"><figure><img loading=\"lazy\" decoding=\"async\" width=\"1024\" height=\"768\" data-attachment-id=\"3995\" data-permalink=\"https:\/\/efimarbella.com\/sv\/espaces-et-ambiances\/119080386_3222447254505923_9061393316264124735_o\/\" data-orig-file=\"https:\/\/efimarbella.com\/wp-content\/uploads\/2020\/10\/119080386_3222447254505923_9061393316264124735_o.jpg\" data-orig-size=\"2016,1512\" data-comments-opened=\"1\" data-image-meta=\"{&quot;aperture&quot;:&quot;0&quot;,&quot;credit&quot;:&quot;&quot;,&quot;camera&quot;:&quot;&quot;,&quot;caption&quot;:&quot;&quot;,&quot;created_timestamp&quot;:&quot;0&quot;,&quot;copyright&quot;:&quot;&quot;,&quot;focal_length&quot;:&quot;0&quot;,&quot;iso&quot;:&quot;0&quot;,&quot;shutter_speed&quot;:&quot;0&quot;,&quot;title&quot;:&quot;&quot;,&quot;orientation&quot;:&quot;0&quot;}\" data-image-title=\"119080386_3222447254505923_9061393316264124735_o\" data-image-description=\"\" data-image-caption=\"\" data-large-file=\"https:\/\/efimarbella.com\/wp-content\/uploads\/2020\/10\/119080386_3222447254505923_9061393316264124735_o-1024x768.jpg\" src=\"https:\/\/efimarbella.com\/wp-content\/uploads\/2020\/10\/119080386_3222447254505923_9061393316264124735_o-1024x768.jpg\" alt=\"\" data-id=\"3995\" data-full-url=\"https:\/\/efimarbella.com\/wp-content\/uploads\/2020\/10\/119080386_3222447254505923_9061393316264124735_o.jpg\" data-link=\"https:\/\/efimarbella.com\/espaces-et-ambiances\/119080386_3222447254505923_9061393316264124735_o\/\" class=\"wp-image-3995\" srcset=\"https:\/\/efimarbella.com\/wp-content\/uploads\/2020\/10\/119080386_3222447254505923_9061393316264124735_o-1024x768.jpg 1024w, https:\/\/efimarbella.com\/wp-content\/uploads\/2020\/10\/119080386_3222447254505923_9061393316264124735_o-300x225.jpg 300w, https:\/\/efimarbella.com\/wp-content\/uploads\/2020\/10\/119080386_3222447254505923_9061393316264124735_o-768x576.jpg 768w, https:\/\/efimarbella.com\/wp-content\/uploads\/2020\/10\/119080386_3222447254505923_9061393316264124735_o-1536x1152.jpg 1536w, https:\/\/efimarbella.com\/wp-content\/uploads\/2020\/10\/119080386_3222447254505923_9061393316264124735_o-16x12.jpg 16w, https:\/\/efimarbella.com\/wp-content\/uploads\/2020\/10\/119080386_3222447254505923_9061393316264124735_o-1160x870.jpg 1160w, https:\/\/efimarbella.com\/wp-content\/uploads\/2020\/10\/119080386_3222447254505923_9061393316264124735_o-860x645.jpg 860w, https:\/\/efimarbella.com\/wp-content\/uploads\/2020\/10\/119080386_3222447254505923_9061393316264124735_o-600x450.jpg 600w, https:\/\/efimarbella.com\/wp-content\/uploads\/2020\/10\/119080386_3222447254505923_9061393316264124735_o-122x92.jpg 122w, https:\/\/efimarbella.com\/wp-content\/uploads\/2020\/10\/119080386_3222447254505923_9061393316264124735_o.jpg 2016w\" sizes=\"auto, (max-width: 1024px) 100vw, 1024px\" \/><\/figure><\/li><li class=\"blocks-gallery-item\"><figure><img loading=\"lazy\" decoding=\"async\" width=\"1024\" height=\"768\" data-attachment-id=\"3994\" data-permalink=\"https:\/\/efimarbella.com\/sv\/espaces-et-ambiances\/119059171_3222446184506030_6561464665412751684_o\/\" data-orig-file=\"https:\/\/efimarbella.com\/wp-content\/uploads\/2020\/10\/119059171_3222446184506030_6561464665412751684_o.jpg\" data-orig-size=\"2016,1512\" data-comments-opened=\"1\" data-image-meta=\"{&quot;aperture&quot;:&quot;0&quot;,&quot;credit&quot;:&quot;&quot;,&quot;camera&quot;:&quot;&quot;,&quot;caption&quot;:&quot;&quot;,&quot;created_timestamp&quot;:&quot;0&quot;,&quot;copyright&quot;:&quot;&quot;,&quot;focal_length&quot;:&quot;0&quot;,&quot;iso&quot;:&quot;0&quot;,&quot;shutter_speed&quot;:&quot;0&quot;,&quot;title&quot;:&quot;&quot;,&quot;orientation&quot;:&quot;0&quot;}\" data-image-title=\"119059171_3222446184506030_6561464665412751684_o\" data-image-description=\"\" data-image-caption=\"\" data-large-file=\"https:\/\/efimarbella.com\/wp-content\/uploads\/2020\/10\/119059171_3222446184506030_6561464665412751684_o-1024x768.jpg\" src=\"https:\/\/efimarbella.com\/wp-content\/uploads\/2020\/10\/119059171_3222446184506030_6561464665412751684_o-1024x768.jpg\" alt=\"\" data-id=\"3994\" data-full-url=\"https:\/\/efimarbella.com\/wp-content\/uploads\/2020\/10\/119059171_3222446184506030_6561464665412751684_o.jpg\" data-link=\"https:\/\/efimarbella.com\/espaces-et-ambiances\/119059171_3222446184506030_6561464665412751684_o\/\" class=\"wp-image-3994 is-layout-flex wp-block-gallery-is-layout-flex\" srcset=\"https:\/\/efimarbella.com\/wp-content\/uploads\/2020\/10\/119059171_3222446184506030_6561464665412751684_o-1024x768.jpg 1024w, https:\/\/efimarbella.com\/wp-content\/uploads\/2020\/10\/119059171_3222446184506030_6561464665412751684_o-300x225.jpg 300w, https:\/\/efimarbella.com\/wp-content\/uploads\/2020\/10\/119059171_3222446184506030_6561464665412751684_o-768x576.jpg 768w, https:\/\/efimarbella.com\/wp-content\/uploads\/2020\/10\/119059171_3222446184506030_6561464665412751684_o-1536x1152.jpg 1536w, https:\/\/efimarbella.com\/wp-content\/uploads\/2020\/10\/119059171_3222446184506030_6561464665412751684_o-16x12.jpg 16w, https:\/\/efimarbella.com\/wp-content\/uploads\/2020\/10\/119059171_3222446184506030_6561464665412751684_o-1160x870.jpg 1160w, https:\/\/efimarbella.com\/wp-content\/uploads\/2020\/10\/119059171_3222446184506030_6561464665412751684_o-860x645.jpg 860w, https:\/\/efimarbella.com\/wp-content\/uploads\/2020\/10\/119059171_3222446184506030_6561464665412751684_o-600x450.jpg 600w, https:\/\/efimarbella.com\/wp-content\/uploads\/2020\/10\/119059171_3222446184506030_6561464665412751684_o-122x92.jpg 122w, https:\/\/efimarbella.com\/wp-content\/uploads\/2020\/10\/119059171_3222446184506030_6561464665412751684_o.jpg 2016w\" sizes=\"auto, (max-width: 1024px) 100vw, 1024px\" \/><\/figure><\/li><\/ul><\/figure>\n\n\n\n<p class=\"wp-block-paragraph\"><\/p>","protected":false},"excerpt":{"rendered":"<p>I MARBELLA CENTRUM Franska skolan i Marbella ligger p\u00e5 calle Jacinto Benanvente, mittemot parken \u00abde los enamorados\u00bb, i v\u00e4stra Marbella, mycket n\u00e4ra \u00abPiruli\u00bb och kongresscentret. L\u00e4get har oavbruten utsikt \u00f6ver parken och dess vackra gr\u00f6na omgivningar, liksom \u00f6ver bergslandskapet....<\/p>","protected":false},"author":183636670,"featured_media":3989,"parent":0,"menu_order":0,"comment_status":"closed","ping_status":"closed","template":"","meta":{"_coblocks_attr":"","_coblocks_dimensions":"","_coblocks_responsive_height":"","_coblocks_accordion_ie_support":"","_crdt_document":"","om_disable_all_campaigns":false,"_uag_custom_page_level_css":"","advgb_blocks_editor_width":"","advgb_blocks_columns_visual_guide":"","advanced_seo_description":"","jetpack_seo_html_title":"","jetpack_seo_noindex":false,"footnotes":""},"class_list":["post-3988","page","type-page","status-publish","has-post-thumbnail","hentry"],"uagb_featured_image_src":{"full":["https:\/\/efimarbella.com\/wp-content\/uploads\/2020\/10\/fac\u0327ade-e\u0301cole-EFIM-e1602675205950.jpg",777,827,false],"thumbnail":["https:\/\/efimarbella.com\/wp-content\/uploads\/2020\/10\/fac\u0327ade-e\u0301cole-EFIM-e1602675205950-150x150.jpg",150,150,true],"medium":["https:\/\/efimarbella.com\/wp-content\/uploads\/2020\/10\/fac\u0327ade-e\u0301cole-EFIM-e1602675205950-282x300.jpg",282,300,true],"medium_large":["https:\/\/efimarbella.com\/wp-content\/uploads\/2020\/10\/fac\u0327ade-e\u0301cole-EFIM-e1602675205950-768x817.jpg",768,817,true],"large":["https:\/\/efimarbella.com\/wp-content\/uploads\/2020\/10\/fac\u0327ade-e\u0301cole-EFIM-e1602675205950.jpg",777,827,false],"1536x1536":["https:\/\/efimarbella.com\/wp-content\/uploads\/2020\/10\/fac\u0327ade-e\u0301cole-EFIM-e1602675205950.jpg",777,827,false],"2048x2048":["https:\/\/efimarbella.com\/wp-content\/uploads\/2020\/10\/fac\u0327ade-e\u0301cole-EFIM-e1602675205950.jpg",777,827,false],"trp-custom-language-flag":["https:\/\/efimarbella.com\/wp-content\/uploads\/2020\/10\/fac\u0327ade-e\u0301cole-EFIM-e1602675205950-11x12.jpg",11,12,true],"post-thumbnail":["https:\/\/efimarbella.com\/wp-content\/uploads\/2020\/10\/fac\u0327ade-e\u0301cole-EFIM-e1602675205950-777x535.jpg",777,535,true],"cmsmasters-small-thumb":["https:\/\/efimarbella.com\/wp-content\/uploads\/2020\/10\/fac\u0327ade-e\u0301cole-EFIM-e1602675205950-120x120.jpg",120,120,true],"cmsmasters-square-thumb":["https:\/\/efimarbella.com\/wp-content\/uploads\/2020\/10\/fac\u0327ade-e\u0301cole-EFIM-e1602675205950-580x580.jpg",580,580,true],"cmsmasters-blog-masonry-thumb":["https:\/\/efimarbella.com\/wp-content\/uploads\/2020\/10\/fac\u0327ade-e\u0301cole-EFIM-e1602675205950-777x660.jpg",777,660,true],"cmsmasters-project-thumb":["https:\/\/efimarbella.com\/wp-content\/uploads\/2020\/10\/fac\u0327ade-e\u0301cole-EFIM-e1602675205950-580x360.jpg",580,360,true],"cmsmasters-project-masonry-thumb":["https:\/\/efimarbella.com\/wp-content\/uploads\/2020\/10\/fac\u0327ade-e\u0301cole-EFIM-e1602675205950.jpg",777,827,false],"cmsmasters-masonry-thumb":["https:\/\/efimarbella.com\/wp-content\/uploads\/2020\/10\/fac\u0327ade-e\u0301cole-EFIM-e1602675205950.jpg",777,827,false],"cmsmasters-full-thumb":["https:\/\/efimarbella.com\/wp-content\/uploads\/2020\/10\/fac\u0327ade-e\u0301cole-EFIM-e1602675205950-777x722.jpg",777,722,true],"cmsmasters-project-full-thumb":["https:\/\/efimarbella.com\/wp-content\/uploads\/2020\/10\/fac\u0327ade-e\u0301cole-EFIM-e1602675205950-777x722.jpg",777,722,true],"cmsmasters-full-masonry-thumb":["https:\/\/efimarbella.com\/wp-content\/uploads\/2020\/10\/fac\u0327ade-e\u0301cole-EFIM-e1602675205950.jpg",777,827,false],"newspack-article-block-landscape-large":["https:\/\/efimarbella.com\/wp-content\/uploads\/2020\/10\/fac\u0327ade-e\u0301cole-EFIM-e1602675205950.jpg",777,827,false],"newspack-article-block-portrait-large":["https:\/\/efimarbella.com\/wp-content\/uploads\/2020\/10\/fac\u0327ade-e\u0301cole-EFIM-e1602675205950.jpg",777,827,false],"newspack-article-block-square-large":["https:\/\/efimarbella.com\/wp-content\/uploads\/2020\/10\/fac\u0327ade-e\u0301cole-EFIM-e1602675205950.jpg",777,827,false],"newspack-article-block-landscape-medium":["https:\/\/efimarbella.com\/wp-content\/uploads\/2020\/10\/fac\u0327ade-e\u0301cole-EFIM-e1602675205950.jpg",564,600,false],"newspack-article-block-portrait-medium":["https:\/\/efimarbella.com\/wp-content\/uploads\/2020\/10\/fac\u0327ade-e\u0301cole-EFIM-e1602675205950.jpg",600,639,false],"newspack-article-block-square-medium":["https:\/\/efimarbella.com\/wp-content\/uploads\/2020\/10\/fac\u0327ade-e\u0301cole-EFIM-e1602675205950.jpg",752,800,false],"newspack-article-block-landscape-intermediate":["https:\/\/efimarbella.com\/wp-content\/uploads\/2020\/10\/fac\u0327ade-e\u0301cole-EFIM-e1602675205950.jpg",423,450,false],"newspack-article-block-portrait-intermediate":["https:\/\/efimarbella.com\/wp-content\/uploads\/2020\/10\/fac\u0327ade-e\u0301cole-EFIM-e1602675205950.jpg",450,479,false],"newspack-article-block-square-intermediate":["https:\/\/efimarbella.com\/wp-content\/uploads\/2020\/10\/fac\u0327ade-e\u0301cole-EFIM-e1602675205950.jpg",564,600,false],"newspack-article-block-landscape-small":["https:\/\/efimarbella.com\/wp-content\/uploads\/2020\/10\/fac\u0327ade-e\u0301cole-EFIM-e1602675205950.jpg",282,300,false],"newspack-article-block-portrait-small":["https:\/\/efimarbella.com\/wp-content\/uploads\/2020\/10\/fac\u0327ade-e\u0301cole-EFIM-e1602675205950.jpg",300,319,false],"newspack-article-block-square-small":["https:\/\/efimarbella.com\/wp-content\/uploads\/2020\/10\/fac\u0327ade-e\u0301cole-EFIM-e1602675205950.jpg",376,400,false],"newspack-article-block-landscape-tiny":["https:\/\/efimarbella.com\/wp-content\/uploads\/2020\/10\/fac\u0327ade-e\u0301cole-EFIM-e1602675205950.jpg",141,150,false],"newspack-article-block-portrait-tiny":["https:\/\/efimarbella.com\/wp-content\/uploads\/2020\/10\/fac\u0327ade-e\u0301cole-EFIM-e1602675205950.jpg",150,160,false],"newspack-article-block-square-tiny":["https:\/\/efimarbella.com\/wp-content\/uploads\/2020\/10\/fac\u0327ade-e\u0301cole-EFIM-e1602675205950.jpg",188,200,false],"newspack-article-block-uncropped":["https:\/\/efimarbella.com\/wp-content\/uploads\/2020\/10\/fac\u0327ade-e\u0301cole-EFIM-e1602675205950.jpg",777,827,false],"mailpoet_newsletter_max":["https:\/\/efimarbella.com\/wp-content\/uploads\/2020\/10\/fac\u0327ade-e\u0301cole-EFIM-e1602675205950.jpg",777,827,false]},"uagb_author_info":{"display_name":"efimarbella","author_link":"https:\/\/efimarbella.com\/sv\/author\/rubicortes\/"},"uagb_comment_info":0,"uagb_excerpt":"EN PLEIN CENTRE DE MARBELLA L&rsquo;\u00e9cole fran\u00e7aise de Marbella est situ\u00e9 calle Jacinto Benanvente, en face du parc \u00ab\u00a0de los enamorados\u00a0\u00bb, dans le quartier ouest de Marbella, tout pr\u00e8s du \u00ab\u00a0Piruli\u00a0\u00bb et du palais des congr\u00e8s. L&#8217;emplacement b\u00e9n\u00e9ficie de vues d\u00e9gag\u00e9es sur le parc et sa belle nature verte, ainsi que sur la montagne la...","coauthors":[],"author_meta":{"author_link":"https:\/\/efimarbella.com\/sv\/author\/rubicortes\/","display_name":"efimarbella"},"relative_dates":{"created":"Publicerad 6 \u00e5r sedan","modified":"Uppdaterad 5 \u00e5r sedan"},"absolute_dates":{"created":"Publicerat den 14\/10\/2020","modified":"Uppdaterad den 14\/12\/2020"},"absolute_dates_time":{"created":"Publicerat den 14\/10\/2020 1:32 e m","modified":"Uppdaterad den 14\/12\/2020 6:36 e m"},"featured_img_caption":"","featured_img":"https:\/\/efimarbella.com\/wp-content\/uploads\/2020\/10\/fac\u0327ade-e\u0301cole-EFIM-e1602675205950-777x535.jpg","series_order":"","jetpack_likes_enabled":false,"jetpack_sharing_enabled":false,"jetpack_shortlink":"https:\/\/wp.me\/PcooLd-12k","_links":{"self":[{"href":"https:\/\/efimarbella.com\/sv\/wp-json\/wp\/v2\/pages\/3988","targetHints":{"allow":["GET"]}}],"collection":[{"href":"https:\/\/efimarbella.com\/sv\/wp-json\/wp\/v2\/pages"}],"about":[{"href":"https:\/\/efimarbella.com\/sv\/wp-json\/wp\/v2\/types\/page"}],"author":[{"embeddable":true,"href":"https:\/\/efimarbella.com\/sv\/wp-json\/wp\/v2\/users\/183636670"}],"replies":[{"embeddable":true,"href":"https:\/\/efimarbella.com\/sv\/wp-json\/wp\/v2\/comments?post=3988"}],"version-history":[{"count":8,"href":"https:\/\/efimarbella.com\/sv\/wp-json\/wp\/v2\/pages\/3988\/revisions"}],"predecessor-version":[{"id":5119,"href":"https:\/\/efimarbella.com\/sv\/wp-json\/wp\/v2\/pages\/3988\/revisions\/5119"}],"wp:featuredmedia":[{"embeddable":true,"href":"https:\/\/efimarbella.com\/sv\/wp-json\/wp\/v2\/media\/3989"}],"wp:attachment":[{"href":"https:\/\/efimarbella.com\/sv\/wp-json\/wp\/v2\/media?parent=3988"}],"curies":[{"name":"wp","href":"https:\/\/api.w.org\/{rel}","templated":true}]}}